{"id":6544,"date":"2025-03-04T17:54:10","date_gmt":"2025-03-04T16:54:10","guid":{"rendered":"https:\/\/clinicavallcorba.com\/dentistes-barcelona\/odontologia-preventiva\/"},"modified":"2025-03-05T11:38:33","modified_gmt":"2025-03-05T10:38:33","slug":"odontologia-preventiva","status":"publish","type":"page","link":"https:\/\/clinicavallcorba.com\/ca\/dentistes-barcelona\/odontologia-preventiva\/","title":{"rendered":"Odontologia preventiva"},"content":{"rendered":"<p><div class=\"fusion-fullwidth fullwidth-box fusion-builder-row-1 fusion-flex-container has-pattern-background has-mask-background nonhundred-percent-fullwidth non-hundred-percent-height-scrolling\" style=\"--link_hover_color: var(--awb-color7);--link_color: var(--awb-color8);--awb-border-sizes-top:0px;--awb-border-sizes-bottom:0px;--awb-border-sizes-left:0px;--awb-border-sizes-right:0px;--awb-border-color:#d1d1d1;--awb-border-radius-top-left:0px;--awb-border-radius-top-right:0px;--awb-border-radius-bottom-right:0px;--awb-border-radius-bottom-left:0px;--awb-padding-top:50px;--awb-padding-right:30px;--awb-padding-bottom:100px;--awb-padding-left:30px;--awb-padding-top-medium:60px;--awb-padding-bottom-medium:60px;--awb-padding-top-small:20px;--awb-padding-right-small:50px;--awb-padding-bottom-small:20px;--awb-padding-left-small:50px;--awb-margin-top:0px;--awb-margin-bottom:0px;--awb-margin-top-small:0px;--awb-margin-bottom-small:0px;--awb-background-color:#ffffff;--awb-background-image:linear-gradient(180deg, var(--awb-color1) 0%,rgba(255,255,255,0) 100%);--awb-flex-wrap:wrap;\" ><div class=\"fusion-builder-row fusion-row fusion-flex-align-items-flex-start fusion-flex-content-wrap\" style=\"max-width:1300px;margin-left: calc(-4% \/ 2 );margin-right: calc(-4% \/ 2 );\"><div class=\"fusion-layout-column fusion_builder_column fusion-builder-column-0 awb-sticky awb-sticky-small awb-sticky-medium awb-sticky-large fusion_builder_column_1_2 1_2 fusion-flex-column fusion-animated\" style=\"--awb-padding-top-small:0px;--awb-padding-right-small:0px;--awb-padding-bottom-small:0px;--awb-padding-left-small:0px;--awb-bg-size:cover;--awb-width-large:50%;--awb-margin-top-large:0px;--awb-spacing-right-large:9.6%;--awb-margin-bottom-large:0px;--awb-spacing-left-large:3.84%;--awb-width-medium:50%;--awb-order-medium:0;--awb-spacing-right-medium:9.6%;--awb-margin-bottom-medium:60px;--awb-spacing-left-medium:3.84%;--awb-width-small:100%;--awb-order-small:0;--awb-margin-top-small:0;--awb-spacing-right-small:1.92%;--awb-margin-bottom-small:0;--awb-spacing-left-small:1.92%;--awb-sticky-offset:200px;\" data-animationType=\"fadeInLeft\" data-animationDuration=\"1.3\" data-animationOffset=\"top-into-view\" data-scroll-devices=\"small-visibility,medium-visibility,large-visibility\"><div class=\"fusion-column-wrapper fusion-column-has-shadow fusion-flex-justify-content-flex-end fusion-content-layout-column\"><div class=\"fusion-image-element \" style=\"text-align:left;--awb-margin-top:50px;--awb-margin-left:-30px;--awb-caption-title-font-family:var(--h2_typography-font-family);--awb-caption-title-font-weight:var(--h2_typography-font-weight);--awb-caption-title-font-style:var(--h2_typography-font-style);--awb-caption-title-size:var(--h2_typography-font-size);--awb-caption-title-transform:var(--h2_typography-text-transform);--awb-caption-title-line-height:var(--h2_typography-line-height);--awb-caption-title-letter-spacing:var(--h2_typography-letter-spacing);\"><span class=\" fusion-imageframe imageframe-none imageframe-1 hover-type-none\"><img decoding=\"async\" width=\"116\" height=\"30\" alt=\"Cl\u00ednica Vallcorba\" title=\"Cl\u00ednica Vallcorba\" src=\"https:\/\/clinicavallcorba.com\/wp-content\/uploads\/raya-vallcorba.png\" class=\"img-responsive wp-image-2545\"\/><\/span><\/div><div class=\"fusion-title title fusion-title-1 fusion-sep-none fusion-title-text fusion-title-size-div\" style=\"--awb-text-color:var(--awb-color8);--awb-margin-bottom:0px;--awb-sep-color:#d1d1d1;--awb-font-size:var(--awb-custom_typography_2-font-size);\"><div class=\"fusion-title-heading title-heading-left title-heading-tag fusion-responsive-typography-calculated\" style=\"font-family:var(--awb-custom_typography_2-font-family);font-weight:var(--awb-custom_typography_2-font-weight);font-style:var(--awb-custom_typography_2-font-style);margin:0;letter-spacing:var(--awb-custom_typography_2-letter-spacing);text-transform:var(--awb-custom_typography_2-text-transform);font-size:1em;--fontSize:21;--minFontSize:21;line-height:var(--awb-custom_typography_2-line-height);\">Prevenci\u00f3 i cures especial<\/div><\/div><div class=\"fusion-title title fusion-title-2 fusion-sep-none fusion-title-text fusion-title-size-two tituloh1\" style=\"--awb-text-color:var(--awb-color5);--awb-margin-bottom:30px;--awb-sep-color:#d1d1d1;--awb-font-size:var(--awb-typography2-font-size);\"><h2 class=\"fusion-title-heading title-heading-left fusion-responsive-typography-calculated\" style=\"font-family:var(--awb-typography2-font-family);font-weight:var(--awb-typography2-font-weight);font-style:var(--awb-typography2-font-style);margin:0;letter-spacing:var(--awb-typography2-letter-spacing);text-transform:var(--awb-typography2-text-transform);font-size:1em;--fontSize:34;line-height:var(--awb-typography2-line-height);\">Odontologia preventiva<\/h2><\/div><div class=\"fusion-text fusion-text-1 fusion-text-no-margin\" style=\"--awb-content-alignment:justify;--awb-font-size:var(--awb-typography4-font-size);--awb-line-height:var(--awb-typography4-line-height);--awb-letter-spacing:var(--awb-typography4-letter-spacing);--awb-text-transform:var(--awb-typography4-text-transform);--awb-text-color:var(--awb-color5);--awb-text-font-family:var(--awb-typography4-font-family);--awb-text-font-weight:var(--awb-typography4-font-weight);--awb-text-font-style:var(--awb-typography4-font-style);\"><p>Els nostres professionals s\u2019enfoquen a prevenir, educant al pacient sobre les pr\u00e0ctiques d\u2019higiene oral adequades per a reduir la possibilitat de problemes dentals en el futur. Especialment, oferim orientaci\u00f3 i cures dentals a pacients amb condicions especials de salut i dones embarassades.<\/p>\n<\/div><div class=\"fusion-menu-anchor\" id=\"enfermedadesgenerales\"><\/div><\/div><\/div><div class=\"fusion-layout-column fusion_builder_column fusion-builder-column-1 fusion_builder_column_1_2 1_2 fusion-flex-column fusion-flex-align-self-stretch fusion-animated\" style=\"--awb-padding-top-small:0px;--awb-padding-right-small:0px;--awb-padding-bottom-small:0px;--awb-padding-left-small:0px;--awb-bg-size:cover;--awb-width-large:50%;--awb-margin-top-large:0px;--awb-spacing-right-large:3.84%;--awb-margin-bottom-large:0px;--awb-spacing-left-large:7.68%;--awb-width-medium:50%;--awb-order-medium:1;--awb-spacing-right-medium:3.84%;--awb-spacing-left-medium:7.68%;--awb-width-small:100%;--awb-order-small:0;--awb-margin-top-small:0;--awb-spacing-right-small:1.92%;--awb-margin-bottom-small:0;--awb-spacing-left-small:1.92%;\" data-animationType=\"fadeIn\" data-animationDuration=\"1.3\" data-animationOffset=\"top-into-view\" data-scroll-devices=\"small-visibility,medium-visibility,large-visibility\"><div class=\"fusion-column-wrapper fusion-column-has-shadow fusion-flex-justify-content-flex-end fusion-content-layout-column\"><ul style=\"--awb-size:18px;--awb-iconcolor:var(--awb-color7);--awb-divider-color:var(--awb-color8);--awb-textcolor:var(--awb-color5);--awb-line-height:30.6px;--awb-icon-width:30.6px;--awb-icon-height:30.6px;--awb-icon-margin:12.6px;--awb-content-margin:43.2px;\" class=\"fusion-checklist fusion-checklist-1 fusion-checklist-default fusion-checklist-divider type-icons\"><li class=\"fusion-li-item\" style=\"\"><span class=\"icon-wrapper circle-no\"><i class=\"fusion-li-icon icon-Vallcorba\" aria-hidden=\"true\"><\/i><\/span><div class=\"fusion-li-item-content\"><a href=\"#enfermedadesgenerales\">Pacients amb malalties generals<br \/>\n<\/a><\/div><\/li><li class=\"fusion-li-item\" style=\"\"><span class=\"icon-wrapper circle-no\"><i class=\"fusion-li-icon icon-Vallcorba\" aria-hidden=\"true\"><\/i><\/span><div class=\"fusion-li-item-content\">\n<p><a href=\"#5\">Prevenci\u00f3 en dones embarassades<\/a><\/p>\n<\/div><\/li><li class=\"fusion-li-item\" style=\"\"><span class=\"icon-wrapper circle-no\"><i class=\"fusion-li-icon icon-Vallcorba\" aria-hidden=\"true\"><\/i><\/span><div class=\"fusion-li-item-content\">\n<p><a href=\"#6\">Experts en odontologia preventiva<\/a><\/p>\n<\/div><\/li><\/ul><\/div><\/div><\/div><\/div><div class=\"fusion-fullwidth fullwidth-box fusion-builder-row-2 fusion-flex-container has-pattern-background has-mask-background nonhundred-percent-fullwidth non-hundred-percent-height-scrolling\" style=\"--link_hover_color: #d21e36;--link_color: #d21e36;--awb-border-sizes-top:0px;--awb-border-sizes-bottom:0px;--awb-border-sizes-left:0px;--awb-border-sizes-right:0px;--awb-border-color:#d1d1d1;--awb-border-radius-top-left:0px;--awb-border-radius-top-right:0px;--awb-border-radius-bottom-right:0px;--awb-border-radius-bottom-left:0px;--awb-padding-top:0px;--awb-padding-right:30px;--awb-padding-bottom:50px;--awb-padding-left:30px;--awb-padding-top-medium:60px;--awb-padding-bottom-medium:60px;--awb-padding-top-small:50px;--awb-padding-right-small:10px;--awb-padding-bottom-small:50px;--awb-padding-left-small:10px;--awb-margin-top:0px;--awb-margin-bottom:0px;--awb-margin-top-small:0px;--awb-margin-bottom-small:0px;--awb-background-color:var(--awb-color1);--awb-flex-wrap:wrap;\" ><div class=\"fusion-builder-row fusion-row fusion-flex-align-items-center fusion-flex-justify-content-center fusion-flex-content-wrap\" style=\"max-width:1300px;margin-left: calc(-4% \/ 2 );margin-right: calc(-4% \/ 2 );\"><div class=\"fusion-layout-column fusion_builder_column fusion-builder-column-2 fusion_builder_column_1_2 1_2 fusion-flex-column fusion-animated\" style=\"--awb-bg-size:cover;--awb-width-large:50%;--awb-margin-top-large:0px;--awb-spacing-right-large:3.84%;--awb-margin-bottom-large:0px;--awb-spacing-left-large:3.84%;--awb-width-medium:50%;--awb-order-medium:1;--awb-spacing-right-medium:3.84%;--awb-spacing-left-medium:3.84%;--awb-width-small:100%;--awb-order-small:0;--awb-spacing-right-small:1.92%;--awb-margin-bottom-small:36px;--awb-spacing-left-small:1.92%;\" data-animationType=\"fadeIn\" data-animationDuration=\"1.3\" data-animationOffset=\"top-into-view\" data-scroll-devices=\"small-visibility,medium-visibility,large-visibility\"><div class=\"fusion-column-wrapper fusion-column-has-shadow fusion-flex-justify-content-center fusion-content-layout-column\"><div class=\"fusion-image-element \" style=\"--awb-caption-title-font-family:var(--h2_typography-font-family);--awb-caption-title-font-weight:var(--h2_typography-font-weight);--awb-caption-title-font-style:var(--h2_typography-font-style);--awb-caption-title-size:var(--h2_typography-font-size);--awb-caption-title-transform:var(--h2_typography-text-transform);--awb-caption-title-line-height:var(--h2_typography-line-height);--awb-caption-title-letter-spacing:var(--h2_typography-letter-spacing);\"><span class=\" fusion-imageframe imageframe-none imageframe-2 hover-type-none\"><img decoding=\"async\" width=\"600\" height=\"400\" alt=\"odontolog\u00eda integrada\" title=\"Paciente con enfermedad grave\" src=\"https:\/\/clinicavallcorba.com\/wp-content\/uploads\/b-pacientes-enfermedad-grave.webp\" class=\"img-responsive wp-image-5147\" srcset=\"https:\/\/clinicavallcorba.com\/wp-content\/uploads\/b-pacientes-enfermedad-grave-200x133.webp 200w, https:\/\/clinicavallcorba.com\/wp-content\/uploads\/b-pacientes-enfermedad-grave-400x267.webp 400w, https:\/\/clinicavallcorba.com\/wp-content\/uploads\/b-pacientes-enfermedad-grave.webp 600w\" sizes=\"(max-width: 640px) 100vw, 600px\" \/><\/span><\/div><div class=\"fusion-image-element \" style=\"--awb-margin-top:20px;--awb-caption-title-font-family:var(--h2_typography-font-family);--awb-caption-title-font-weight:var(--h2_typography-font-weight);--awb-caption-title-font-style:var(--h2_typography-font-style);--awb-caption-title-size:var(--h2_typography-font-size);--awb-caption-title-transform:var(--h2_typography-text-transform);--awb-caption-title-line-height:var(--h2_typography-line-height);--awb-caption-title-letter-spacing:var(--h2_typography-letter-spacing);\"><span class=\" fusion-imageframe imageframe-none imageframe-3 hover-type-none\"><img decoding=\"async\" width=\"1250\" height=\"834\" alt=\"odontolog\u00eda integrada\" title=\"Paciente2\" src=\"https:\/\/clinicavallcorba.com\/wp-content\/uploads\/Paciente2.webp\" class=\"img-responsive wp-image-4536\" srcset=\"https:\/\/clinicavallcorba.com\/wp-content\/uploads\/Paciente2-200x133.webp 200w, https:\/\/clinicavallcorba.com\/wp-content\/uploads\/Paciente2-400x267.webp 400w, https:\/\/clinicavallcorba.com\/wp-content\/uploads\/Paciente2-600x400.webp 600w, https:\/\/clinicavallcorba.com\/wp-content\/uploads\/Paciente2-800x534.webp 800w, https:\/\/clinicavallcorba.com\/wp-content\/uploads\/Paciente2-1200x801.webp 1200w, https:\/\/clinicavallcorba.com\/wp-content\/uploads\/Paciente2.webp 1250w\" sizes=\"(max-width: 640px) 100vw, 600px\" \/><\/span><\/div><\/div><\/div><div class=\"fusion-layout-column fusion_builder_column fusion-builder-column-3 fusion_builder_column_1_2 1_2 fusion-flex-column fusion-flex-align-self-center fusion-animated\" style=\"--awb-bg-size:cover;--awb-width-large:50%;--awb-margin-top-large:0px;--awb-spacing-right-large:3.84%;--awb-margin-bottom-large:0px;--awb-spacing-left-large:3.84%;--awb-width-medium:50%;--awb-order-medium:0;--awb-spacing-right-medium:3.84%;--awb-margin-bottom-medium:60px;--awb-spacing-left-medium:3.84%;--awb-width-small:100%;--awb-order-small:1;--awb-spacing-right-small:1.92%;--awb-spacing-left-small:1.92%;\" data-animationType=\"fadeInLeft\" data-animationDuration=\"1.3\" data-animationOffset=\"top-into-view\" data-scroll-devices=\"small-visibility,medium-visibility,large-visibility\"><div class=\"fusion-column-wrapper fusion-column-has-shadow fusion-flex-justify-content-center fusion-content-layout-column\"><div class=\"fusion-title title fusion-title-3 fusion-sep-none fusion-title-text fusion-title-size-four\" style=\"--awb-text-color:var(--awb-color5);--awb-sep-color:#d1d1d1;--awb-font-size:var(--awb-custom_typography_1-font-size);\"><h4 class=\"fusion-title-heading title-heading-left fusion-responsive-typography-calculated\" style=\"font-family:var(--awb-custom_typography_1-font-family);font-weight:var(--awb-custom_typography_1-font-weight);font-style:var(--awb-custom_typography_1-font-style);margin:0;letter-spacing:var(--awb-custom_typography_1-letter-spacing);text-transform:var(--awb-custom_typography_1-text-transform);font-size:1em;--fontSize:31;line-height:var(--awb-custom_typography_1-line-height);\">Pacients amb malalties generals<\/h4><\/div><div class=\"fusion-text fusion-text-2\" style=\"--awb-content-alignment:justify;--awb-font-size:var(--awb-typography4-font-size);--awb-line-height:var(--awb-typography4-line-height);--awb-letter-spacing:var(--awb-typography4-letter-spacing);--awb-text-transform:var(--awb-typography4-text-transform);--awb-text-font-family:var(--awb-typography4-font-family);--awb-text-font-weight:var(--awb-typography4-font-weight);--awb-text-font-style:var(--awb-typography4-font-style);\"><p>A vegades les malalties de les genives es produeixen en persones que pateixen altres malalties a escala general que poden necessitar, a m\u00e9s, tractaments medicamentosos.<\/p>\n<p>A trav\u00e9s de la hist\u00f2ria cl\u00ednica i la <strong>interrelaci\u00f3 amb els especialistes m\u00e8dics dels pacients<\/strong>, podrem portar endavant la <strong>prevenci\u00f3 i tractament<\/strong> que sigui necessari.<\/p>\n<\/div><ul style=\"--awb-size:18px;--awb-iconcolor:var(--awb-color7);--awb-divider-color:var(--awb-color8);--awb-textcolor:var(--awb-color5);--awb-line-height:30.6px;--awb-icon-width:30.6px;--awb-icon-height:30.6px;--awb-icon-margin:12.6px;--awb-content-margin:43.2px;\" class=\"fusion-checklist fusion-checklist-2 fusion-checklist-default fusion-checklist-divider type-icons\"><li class=\"fusion-li-item\" style=\"\"><span class=\"icon-wrapper circle-no\"><i class=\"fusion-li-icon icon-Vallcorba\" aria-hidden=\"true\"><\/i><\/span><div class=\"fusion-li-item-content\">Els pacients que ha sofert <strong>infarts de miocardi<\/strong> requereixen tractament periodontal, per a reduir el risc de patir un nou episodi.<\/div><\/li><li class=\"fusion-li-item\" style=\"\"><span class=\"icon-wrapper circle-no\"><i class=\"fusion-li-icon icon-Vallcorba\" aria-hidden=\"true\"><\/i><\/span><div class=\"fusion-li-item-content\">Els pacients que prenen <strong>medicaci\u00f3 immunosupressora<\/strong>, com per exemple, pacients amb artritis reumatoide o trasplantats, tamb\u00e9 requereixen un tractament periodontal espec\u00edfic que els ajudar\u00e0 en la seva qualitat de vida.<\/div><\/li><li class=\"fusion-li-item\" style=\"\"><span class=\"icon-wrapper circle-no\"><i class=\"fusion-li-icon icon-Vallcorba\" aria-hidden=\"true\"><\/i><\/span><div class=\"fusion-li-item-content\">Si un pacient \u00e9s <strong>diab\u00e8tic<\/strong>, \u00e9s m\u00e9s propens a les infeccions. En aquest cas, la periodontitis ha de ser estudiada d\u2019acord amb una valoraci\u00f3 conjunta diabetis-period\u00f2ncia. A la Cl\u00ednica Vallcorba seguim protocols espec\u00edfics per a diab\u00e8tics.<\/div><\/li><\/ul><div class=\"fusion-menu-anchor\" id=\"5\"><\/div><\/div><\/div><\/div><\/div><div class=\"fusion-fullwidth fullwidth-box fusion-builder-row-3 fusion-flex-container has-pattern-background has-mask-background margenesvallcorba nonhundred-percent-fullwidth non-hundred-percent-height-scrolling\" style=\"--link_hover_color: #d21e36;--link_color: #d21e36;--awb-border-sizes-top:0px;--awb-border-sizes-bottom:0px;--awb-border-sizes-left:0px;--awb-border-sizes-right:0px;--awb-border-color:#d1d1d1;--awb-border-radius-top-left:0px;--awb-border-radius-top-right:0px;--awb-border-radius-bottom-right:0px;--awb-border-radius-bottom-left:0px;--awb-padding-top:100px;--awb-padding-right:30px;--awb-padding-bottom:100px;--awb-padding-left:30px;--awb-padding-top-medium:60px;--awb-padding-bottom-medium:60px;--awb-padding-top-small:50px;--awb-padding-right-small:10px;--awb-padding-bottom-small:50px;--awb-padding-left-small:10px;--awb-margin-top:0px;--awb-margin-bottom:0px;--awb-margin-top-small:0px;--awb-margin-bottom-small:0px;--awb-background-color:var(--awb-color2);--awb-flex-wrap:wrap;\" ><div class=\"fusion-builder-row fusion-row fusion-flex-align-items-stretch fusion-flex-justify-content-center fusion-flex-content-wrap\" style=\"max-width:1300px;margin-left: calc(-4% \/ 2 );margin-right: calc(-4% \/ 2 );\"><div class=\"fusion-layout-column fusion_builder_column fusion-builder-column-4 fusion_builder_column_4_5 4_5 fusion-flex-column\" style=\"--awb-bg-size:cover;--awb-width-large:80%;--awb-margin-top-large:0px;--awb-spacing-right-large:2.4%;--awb-margin-bottom-large:20px;--awb-spacing-left-large:2.4%;--awb-width-medium:80%;--awb-order-medium:0;--awb-spacing-right-medium:2.4%;--awb-spacing-left-medium:2.4%;--awb-width-small:100%;--awb-order-small:0;--awb-spacing-right-small:1.92%;--awb-spacing-left-small:1.92%;\"><div class=\"fusion-column-wrapper fusion-column-has-shadow fusion-flex-justify-content-flex-start fusion-content-layout-column\"><div class=\"fusion-title title fusion-title-4 fusion-sep-none fusion-title-center fusion-title-text fusion-title-size-three\" style=\"--awb-text-color:var(--awb-color5);--awb-sep-color:#d1d1d1;--awb-font-size:var(--awb-custom_typography_1-font-size);\"><h3 class=\"fusion-title-heading title-heading-center fusion-responsive-typography-calculated\" style=\"font-family:var(--awb-custom_typography_1-font-family);font-weight:var(--awb-custom_typography_1-font-weight);font-style:var(--awb-custom_typography_1-font-style);margin:0;letter-spacing:var(--awb-custom_typography_1-letter-spacing);text-transform:var(--awb-custom_typography_1-text-transform);font-size:1em;--fontSize:31;line-height:var(--awb-custom_typography_1-line-height);\">Prevenci\u00f3 en dones embarassades<\/h3><\/div><\/div><\/div><div class=\"fusion-layout-column fusion_builder_column fusion-builder-column-5 fusion_builder_column_1_2 1_2 fusion-flex-column fusion-flex-align-self-flex-start fusion-animated\" style=\"--awb-bg-size:cover;--awb-width-large:50%;--awb-margin-top-large:0px;--awb-spacing-right-large:3.84%;--awb-margin-bottom-large:0px;--awb-spacing-left-large:3.84%;--awb-width-medium:50%;--awb-order-medium:0;--awb-spacing-right-medium:3.84%;--awb-margin-bottom-medium:60px;--awb-spacing-left-medium:3.84%;--awb-width-small:100%;--awb-order-small:1;--awb-spacing-right-small:1.92%;--awb-spacing-left-small:1.92%;\" data-animationType=\"fadeInLeft\" data-animationDuration=\"1.3\" data-animationOffset=\"top-into-view\" data-scroll-devices=\"small-visibility,medium-visibility,large-visibility\"><div class=\"fusion-column-wrapper fusion-column-has-shadow fusion-flex-justify-content-flex-start fusion-content-layout-column\"><div class=\"fusion-text fusion-text-3 fusion-text-no-margin\" style=\"--awb-content-alignment:justify;--awb-font-size:var(--awb-typography4-font-size);--awb-line-height:var(--awb-typography4-line-height);--awb-letter-spacing:var(--awb-typography4-letter-spacing);--awb-text-transform:var(--awb-typography4-text-transform);--awb-text-color:var(--awb-color5);--awb-margin-bottom:30px;--awb-text-font-family:var(--awb-typography4-font-family);--awb-text-font-weight:var(--awb-typography4-font-weight);--awb-text-font-style:var(--awb-typography4-font-style);\"><p>Durant l\u2019embar\u00e0s es produeixen <strong>canvis hormonals<\/strong> que poden afavorir la <strong>inflamaci\u00f3 de les genives<\/strong>, per\u00f2 no hem de considerar-ho una conseq\u00fc\u00e8ncia normal de l\u2019embar\u00e0s. Si aquest s\u2019inicia sense inflamaci\u00f3, realitzant una correcta higiene oral a casa i revisions a la cl\u00ednica dental, no arribar\u00e0 a produir-se gingivitis.<\/p>\n<p>Per tant, la millor manera d\u2019evitar problemes de genives durant l\u2019embar\u00e0s \u00e9s <strong>prevenir-los<\/strong>.<\/p>\n<\/div><div class=\"accordian fusion-accordian\" style=\"margin-top:0px;--awb-margin-top:0px;--awb-border-size:0px;--awb-icon-size:18px;--awb-content-font-size:var(--awb-typography4-font-size);--awb-icon-alignment:left;--awb-hover-color:var(--awb-color2);--awb-border-color:var(--awb-color3);--awb-background-color:var(--awb-color2);--awb-divider-color:var(--awb-color8);--awb-divider-hover-color:var(--awb-color3);--awb-icon-color:var(--awb-color7);--awb-title-color:var(--awb-color5);--awb-content-color:var(--awb-color5);--awb-icon-box-color:var(--awb-color5);--awb-toggle-hover-accent-color:var(--awb-color7);--awb-toggle-active-accent-color:var(--awb-color5);--awb-title-font-family:var(--awb-typography4-font-family);--awb-title-font-weight:var(--awb-typography4-font-weight);--awb-title-font-style:var(--awb-typography4-font-style);--awb-title-font-size:var(--awb-typography4-font-size);--awb-title-letter-spacing:var(--awb-typography4-letter-spacing);--awb-title-line-height:var(--awb-typography4-line-height);--awb-title-text-transform:var(--awb-typography4-text-transform);--awb-content-font-family:var(--awb-typography4-font-family);--awb-content-font-weight:var(--awb-typography4-font-weight);--awb-content-font-style:var(--awb-typography4-font-style);\"><div class=\"panel-group fusion-toggle-icon-unboxed\" id=\"accordion-6544-1\"><div class=\"fusion-panel panel-default panel-9059a3b9be8dcb3df fusion-toggle-no-divider fusion-toggle-boxed-mode\" style=\"--awb-title-color:var(--awb-color5);--awb-content-color:var(--awb-color5);\"><div class=\"panel-heading\"><h3 class=\"panel-title toggle\" id=\"toggle_9059a3b9be8dcb3df\"><a aria-expanded=\"false\" aria-controls=\"9059a3b9be8dcb3df\" role=\"button\" data-toggle=\"collapse\" data-target=\"#9059a3b9be8dcb3df\" href=\"#9059a3b9be8dcb3df\"><span class=\"fusion-toggle-icon-wrapper\" aria-hidden=\"true\"><i class=\"fa-fusion-box active-icon icon-Vallcorba\" aria-hidden=\"true\"><\/i><i class=\"fa-fusion-box inactive-icon icon-Vallcorba\" aria-hidden=\"true\"><\/i><\/span><span class=\"fusion-toggle-heading\">Planificaci\u00f3 de l'embar\u00e0s<\/span><\/a><\/h3><\/div><div id=\"9059a3b9be8dcb3df\" class=\"panel-collapse collapse \" aria-labelledby=\"toggle_9059a3b9be8dcb3df\"><div class=\"panel-body toggle-content fusion-clearfix\">Si en aquests moments est\u00e0 planificat un embar\u00e0s, \u00e9s recomanable que realitzi una visita al seu dentista o periodoncista perqu\u00e8 li faci una valoraci\u00f3 de la seva situaci\u00f3 bucal, amb especial atenci\u00f3 a les seves genives, i que realitzi el tractament necessari abans d\u2019iniciar l\u2019embar\u00e0s. Amb aix\u00f2, no nom\u00e9s estar\u00e0 cuidant la seva boca, sin\u00f3 que <strong>estar\u00e0 ajudant a evitar un part prematur o tenir un beb\u00e8 de baix pes<\/strong>.<\/div><\/div><\/div><div class=\"fusion-panel panel-default panel-274d2d9699c2a638a fusion-toggle-no-divider fusion-toggle-boxed-mode\" style=\"--awb-title-color:var(--awb-color5);--awb-content-color:var(--awb-color5);\"><div class=\"panel-heading\"><h3 class=\"panel-title toggle\" id=\"toggle_274d2d9699c2a638a\"><a aria-expanded=\"false\" aria-controls=\"274d2d9699c2a638a\" role=\"button\" data-toggle=\"collapse\" data-target=\"#274d2d9699c2a638a\" href=\"#274d2d9699c2a638a\"><span class=\"fusion-toggle-icon-wrapper\" aria-hidden=\"true\"><i class=\"fa-fusion-box active-icon icon-Vallcorba\" aria-hidden=\"true\"><\/i><i class=\"fa-fusion-box inactive-icon icon-Vallcorba\" aria-hidden=\"true\"><\/i><\/span><span class=\"fusion-toggle-heading\">Gingivitis en embarassades<\/span><\/a><\/h3><\/div><div id=\"274d2d9699c2a638a\" class=\"panel-collapse collapse \" aria-labelledby=\"toggle_274d2d9699c2a638a\"><div class=\"panel-body toggle-content fusion-clearfix\">En cas de tenir gingivitis abans de l\u2019embar\u00e0s, aquesta ha de ser tractada per un professional, eliminant la placa bacteriana que la produeix, alhora que s\u2019instauren unes pautes d\u2019higiene en la llar que previnguin la seva nova acumulaci\u00f3.<\/p>\n<p>En cas d\u2019estar ja embarassada, si el seu dentista ha detectat algun problema com a c\u00e0ries, gingivitis o periodontitis, <strong>pot realitzar el tractament durant l\u2019embar\u00e0s<\/strong>, especialment <strong>entre la setmana 14 i la 20<\/strong>, ja que en aquest per\u00edode s\u2019ha demostrat que \u00e9s segur per a la mare i per al fetus.<\/div><\/div><\/div><div class=\"fusion-panel panel-default panel-7c9a67011ae9daf85 fusion-toggle-no-divider fusion-toggle-boxed-mode\" style=\"--awb-title-color:var(--awb-color5);--awb-content-color:var(--awb-color5);\"><div class=\"panel-heading\"><h3 class=\"panel-title toggle\" id=\"toggle_7c9a67011ae9daf85\"><a aria-expanded=\"false\" aria-controls=\"7c9a67011ae9daf85\" role=\"button\" data-toggle=\"collapse\" data-target=\"#7c9a67011ae9daf85\" href=\"#7c9a67011ae9daf85\"><span class=\"fusion-toggle-icon-wrapper\" aria-hidden=\"true\"><i class=\"fa-fusion-box active-icon icon-Vallcorba\" aria-hidden=\"true\"><\/i><i class=\"fa-fusion-box inactive-icon icon-Vallcorba\" aria-hidden=\"true\"><\/i><\/span><span class=\"fusion-toggle-heading\">Recomanacions<\/span><\/a><\/h3><\/div><div id=\"7c9a67011ae9daf85\" class=\"panel-collapse collapse \" aria-labelledby=\"toggle_7c9a67011ae9daf85\"><div class=\"panel-body toggle-content fusion-clearfix\">\u00c9s recomanable <strong>raspallar-se les dents almenys dues vegades al dia<\/strong> i netejar tamb\u00e9 entre les dents amb seda dental o raspalls interdentals.<\/p>\n<p>Si a causa de l\u2019embar\u00e0s sent n\u00e0usees, procuri raspallar-se en el moment del dia en qu\u00e8 se senti millor i faci-ho sense pasta de dents. Si t\u00e9 v\u00f2mits, tingui en compte que l\u2019<strong>\u00e0cid pot afavorir les c\u00e0ries i l\u2019erosi\u00f3 dental<\/strong>. Per aix\u00f2, intenti esbandir-se la boca despr\u00e9s del v\u00f2mit amb aigua en la qual hagi dissolt una cullerada petita de bicarbonat, i posposi el raspallat dental uns 30 minuts.<\/p>\n<p>Per a reduir el risc de c\u00e0ries, <strong>eviti menjar entre hores o prendre begudes dolces o carbonatades<\/strong>.<\/div><\/div><\/div><\/div><\/div><div class=\"fusion-menu-anchor\" id=\"6\"><\/div><\/div><\/div><div class=\"fusion-layout-column fusion_builder_column fusion-builder-column-6 fusion_builder_column_1_2 1_2 fusion-flex-column fusion-flex-align-self-flex-start fusion-animated\" style=\"--awb-bg-size:cover;--awb-width-large:50%;--awb-margin-top-large:0px;--awb-spacing-right-large:3.84%;--awb-margin-bottom-large:0px;--awb-spacing-left-large:3.84%;--awb-width-medium:50%;--awb-order-medium:1;--awb-spacing-right-medium:3.84%;--awb-spacing-left-medium:3.84%;--awb-width-small:100%;--awb-order-small:0;--awb-spacing-right-small:1.92%;--awb-margin-bottom-small:36px;--awb-spacing-left-small:1.92%;\" data-animationType=\"fadeIn\" data-animationDuration=\"1.3\" data-animationOffset=\"top-into-view\" data-scroll-devices=\"small-visibility,medium-visibility,large-visibility\"><div class=\"fusion-column-wrapper fusion-column-has-shadow fusion-flex-justify-content-flex-start fusion-content-layout-column\"><div class=\"fusion-menu-anchor\" id=\"5\"><\/div><div class=\"fusion-image-element \" style=\"--awb-caption-title-font-family:var(--h2_typography-font-family);--awb-caption-title-font-weight:var(--h2_typography-font-weight);--awb-caption-title-font-style:var(--h2_typography-font-style);--awb-caption-title-size:var(--h2_typography-font-size);--awb-caption-title-transform:var(--h2_typography-text-transform);--awb-caption-title-line-height:var(--h2_typography-line-height);--awb-caption-title-letter-spacing:var(--h2_typography-letter-spacing);\"><span class=\" fusion-imageframe imageframe-none imageframe-4 hover-type-none\"><img decoding=\"async\" width=\"1250\" height=\"834\" alt=\"Atenci\u00f3n al paciente\" title=\"embarazo\" src=\"https:\/\/clinicavallcorba.com\/wp-content\/uploads\/embarazo.webp\" class=\"img-responsive wp-image-4540\" srcset=\"https:\/\/clinicavallcorba.com\/wp-content\/uploads\/embarazo-200x133.webp 200w, https:\/\/clinicavallcorba.com\/wp-content\/uploads\/embarazo-400x267.webp 400w, https:\/\/clinicavallcorba.com\/wp-content\/uploads\/embarazo-600x400.webp 600w, https:\/\/clinicavallcorba.com\/wp-content\/uploads\/embarazo-800x534.webp 800w, https:\/\/clinicavallcorba.com\/wp-content\/uploads\/embarazo-1200x801.webp 1200w, https:\/\/clinicavallcorba.com\/wp-content\/uploads\/embarazo.webp 1250w\" sizes=\"(max-width: 640px) 100vw, 600px\" \/><\/span><\/div><\/div><\/div><\/div><\/div><div class=\"fusion-fullwidth fullwidth-box fusion-builder-row-4 fusion-flex-container has-pattern-background has-mask-background hundred-percent-fullwidth non-hundred-percent-height-scrolling\" style=\"--awb-border-radius-top-left:0px;--awb-border-radius-top-right:0px;--awb-border-radius-bottom-right:0px;--awb-border-radius-bottom-left:0px;--awb-padding-top:5%;--awb-padding-right:4%;--awb-padding-bottom:6%;--awb-padding-left:4%;--awb-background-color:#ffffff;--awb-flex-wrap:wrap;\" ><div class=\"fusion-builder-row fusion-row fusion-flex-align-items-flex-start fusion-flex-justify-content-center fusion-flex-content-wrap\" style=\"width:calc( 100% + 50px ) !important;max-width:calc( 100% + 50px ) !important;margin-left: calc(-50px \/ 2 );margin-right: calc(-50px \/ 2 );\"><div class=\"fusion-layout-column fusion_builder_column fusion-builder-column-7 fusion_builder_column_4_5 4_5 fusion-flex-column\" style=\"--awb-padding-right-small:20px;--awb-padding-left-small:20px;--awb-bg-size:cover;--awb-width-large:80%;--awb-margin-top-large:0px;--awb-spacing-right-large:25px;--awb-margin-bottom-large:30px;--awb-spacing-left-large:25px;--awb-width-medium:80%;--awb-order-medium:0;--awb-spacing-right-medium:25px;--awb-spacing-left-medium:25px;--awb-width-small:100%;--awb-order-small:0;--awb-spacing-right-small:25px;--awb-spacing-left-small:25px;\" data-scroll-devices=\"small-visibility,medium-visibility,large-visibility\"><div class=\"fusion-column-wrapper fusion-column-has-shadow fusion-flex-justify-content-flex-start fusion-content-layout-column\"><div class=\"fusion-title title fusion-title-5 fusion-sep-none fusion-title-center fusion-title-text fusion-title-size-two\" style=\"--awb-text-color:var(--awb-color5);--awb-sep-color:#d1d1d1;--awb-font-size:var(--awb-typography2-font-size);\"><h2 class=\"fusion-title-heading title-heading-center fusion-responsive-typography-calculated\" style=\"font-family:var(--awb-typography2-font-family);font-weight:var(--awb-typography2-font-weight);font-style:var(--awb-typography2-font-style);margin:0;letter-spacing:var(--awb-typography2-letter-spacing);text-transform:var(--awb-typography2-text-transform);font-size:1em;--fontSize:34;line-height:var(--awb-typography2-line-height);\">Experts dentistes a Barcelona<\/h2><\/div><div class=\"fusion-text fusion-text-4 fusion-text-no-margin\" style=\"--awb-content-alignment:center;--awb-font-size:18px;--awb-line-height:1.3em;--awb-letter-spacing:var(--awb-typography4-letter-spacing);--awb-text-transform:var(--awb-typography4-text-transform);--awb-text-color:var(--awb-color5);--awb-text-font-family:var(--awb-typography4-font-family);--awb-text-font-weight:var(--awb-typography4-font-weight);--awb-text-font-style:var(--awb-typography4-font-style);\"><p>Nuestra cl\u00ednica cuenta con un equipo de profesionales expertos en odontolog\u00eda preventiva, coordinados por la Dra. Montserrat Huertas.<\/p>\n<\/div><\/div><\/div><div class=\"fusion-layout-column fusion_builder_column fusion-builder-column-8 fusion_builder_column_1_2 1_2 fusion-flex-column fusion-flex-align-self-stretch\" style=\"--awb-bg-color:var(--awb-color2);--awb-bg-color-hover:var(--awb-color2);--awb-bg-size:cover;--awb-width-large:50%;--awb-margin-top-large:0px;--awb-spacing-right-large:25px;--awb-margin-bottom-large:0px;--awb-spacing-left-large:25px;--awb-width-medium:50%;--awb-order-medium:0;--awb-spacing-right-medium:25px;--awb-spacing-left-medium:25px;--awb-width-small:100%;--awb-order-small:0;--awb-spacing-right-small:25px;--awb-margin-bottom-small:40px;--awb-spacing-left-small:25px;\" data-scroll-devices=\"small-visibility,medium-visibility,large-visibility\"><div class=\"fusion-column-wrapper fusion-column-has-shadow fusion-flex-justify-content-flex-start fusion-content-layout-column\"><div class=\"fusion-builder-row fusion-builder-row-inner fusion-row fusion-flex-align-items-flex-start fusion-flex-justify-content-center fusion-flex-content-wrap\" style=\"width:calc( 100% + 50px ) !important;max-width:calc( 100% + 50px ) !important;margin-left: calc(-50px \/ 2 );margin-right: calc(-50px \/ 2 );\"><div class=\"fusion-layout-column fusion_builder_column_inner fusion-builder-nested-column-0 fusion_builder_column_inner_1_2 1_2 fusion-flex-column fusion-flex-align-self-stretch\" style=\"--awb-padding-top:10%;--awb-padding-right:10%;--awb-padding-bottom:10%;--awb-padding-left:10%;--awb-bg-size:cover;--awb-width-large:50%;--awb-margin-top-large:0px;--awb-spacing-right-large:0px;--awb-margin-bottom-large:0px;--awb-spacing-left-large:25px;--awb-width-medium:50%;--awb-order-medium:0;--awb-spacing-right-medium:0px;--awb-spacing-left-medium:25px;--awb-width-small:100%;--awb-order-small:1;--awb-spacing-right-small:25px;--awb-spacing-left-small:25px;\" data-scroll-devices=\"small-visibility,medium-visibility,large-visibility\"><div class=\"fusion-column-wrapper fusion-column-has-shadow fusion-flex-justify-content-space-around fusion-content-layout-column\"><div class=\"fusion-title title fusion-title-6 fusion-sep-none fusion-title-text fusion-title-size-three\" style=\"--awb-text-color:var(--awb-color8);--awb-margin-bottom:10px;--awb-margin-bottom-medium:10px;--awb-font-size:var(--awb-custom_typography_1-font-size);\"><h3 class=\"fusion-title-heading title-heading-left fusion-responsive-typography-calculated\" style=\"font-family:var(--awb-custom_typography_1-font-family);font-weight:var(--awb-custom_typography_1-font-weight);font-style:var(--awb-custom_typography_1-font-style);margin:0;letter-spacing:var(--awb-custom_typography_1-letter-spacing);text-transform:var(--awb-custom_typography_1-text-transform);font-size:1em;--fontSize:31;line-height:var(--awb-custom_typography_1-line-height);\">Dra. Montserrat Huertas<\/h3><\/div><div class=\"fusion-text fusion-text-5\" style=\"--awb-content-alignment:justify;--awb-font-size:var(--awb-typography4-font-size);--awb-line-height:var(--awb-typography4-line-height);--awb-letter-spacing:var(--awb-typography4-letter-spacing);--awb-text-transform:var(--awb-typography4-text-transform);--awb-text-color:var(--awb-color5);--awb-text-font-family:var(--awb-typography4-font-family);--awb-text-font-weight:var(--awb-typography4-font-weight);--awb-text-font-style:var(--awb-typography4-font-style);\"><p>Estudis de Medicina, llicenciada en Odontologia en la Universitat de Barcelona i postgraus en Endod\u00f2ncia i Est\u00e8tica dental. Des de 1991 exerceix pr\u00e0ctica cl\u00ednica d\u2019odontologia conservadora, pr\u00f2tesi i est\u00e8tica dental.<\/p>\n<p><strong>Responsable de l\u2019\u00e0rea d\u2019odontologia restauradora a la Cl\u00ednica Vallcorba.<\/strong><\/p>\n<\/div><div ><a class=\"fusion-button button-flat fusion-button-default-size button-default fusion-button-default button-1 fusion-button-default-span fusion-button-default-type\" style=\"--button_margin-top:20px;\" target=\"_self\" href=\"\/ca\/doctors\/montserrat-huertas\/ \"><span class=\"fusion-button-text awb-button__text awb-button__text--default\">M\u00e9s informaci\u00f3 \u2192<\/span><\/a><\/div><\/div><\/div><div class=\"fusion-layout-column fusion_builder_column_inner fusion-builder-nested-column-1 fusion_builder_column_inner_1_2 1_2 fusion-flex-column fusion-flex-align-self-stretch\" style=\"--awb-bg-position:center center;--awb-bg-size:cover;--awb-width-large:50%;--awb-margin-top-large:0px;--awb-spacing-right-large:25px;--awb-margin-bottom-large:0px;--awb-spacing-left-large:0px;--awb-width-medium:50%;--awb-order-medium:0;--awb-spacing-right-medium:25px;--awb-spacing-left-medium:0px;--awb-width-small:100%;--awb-order-small:0;--awb-spacing-right-small:25px;--awb-spacing-left-small:25px;\" data-scroll-devices=\"small-visibility,medium-visibility,large-visibility\"><div class=\"fusion-column-wrapper fusion-column-has-shadow fusion-flex-justify-content-flex-start fusion-content-layout-column\"><div class=\"fusion-image-before-after-wrapper type-switch hover-type-together fusion-image-before-after-wrapper-1\" style=\"--awb-font-size:14px;--awb-bordersize:0px;--awb-accent-color-bg:hsla(var(--awb-color1-h),var(--awb-color1-s),var(--awb-color1-l),calc(var(--awb-color1-a) - 85%));--awb-transition-time:0.5s;\"><div class=\"fusion-image-before-after-element fusion-image-switch fusion-image-before-after-1\"><a class=\"fusion-image-switch-link\" href=\"\/doctores\/montserrat-huertas\/ \" target=\"_self\"><img decoding=\"async\" alt=\"Dra. Montserrat Huertas Puigdemasa\" class=\"fusion-image-switch-before\" src=\"https:\/\/clinicavallcorba.com\/wp-content\/uploads\/Dra.-Montserrat-Huertas-Puigdemasa_B-N-1.webp\" width=\"1250\" height=\"1667\"><img decoding=\"async\" alt=\"Dra. Montserrat Huertas Puigdemasa\" class=\"fusion-image-switch-after\" src=\"https:\/\/clinicavallcorba.com\/wp-content\/uploads\/Dra.-Montserrat-Huertas-Puigdemasa_Color.webp\" width=\"1250\" height=\"1667\"><\/a><\/div><\/div><\/div><\/div><\/div><\/div><\/div><div class=\"fusion-layout-column fusion_builder_column fusion-builder-column-9 fusion_builder_column_1_2 1_2 fusion-flex-column fusion-flex-align-self-stretch\" style=\"--awb-bg-color:var(--awb-color2);--awb-bg-color-hover:var(--awb-color2);--awb-bg-size:cover;--awb-width-large:50%;--awb-margin-top-large:20px;--awb-spacing-right-large:25px;--awb-margin-bottom-large:0px;--awb-spacing-left-large:25px;--awb-width-medium:50%;--awb-order-medium:0;--awb-spacing-right-medium:25px;--awb-spacing-left-medium:25px;--awb-width-small:100%;--awb-order-small:0;--awb-spacing-right-small:25px;--awb-margin-bottom-small:40px;--awb-spacing-left-small:25px;\" data-scroll-devices=\"small-visibility,medium-visibility,large-visibility\"><div class=\"fusion-column-wrapper fusion-column-has-shadow fusion-flex-justify-content-flex-start fusion-content-layout-column\"><div class=\"fusion-builder-row fusion-builder-row-inner fusion-row fusion-flex-align-items-flex-start fusion-flex-justify-content-center fusion-flex-content-wrap\" style=\"width:calc( 100% + 50px ) !important;max-width:calc( 100% + 50px ) !important;margin-left: calc(-50px \/ 2 );margin-right: calc(-50px \/ 2 );\"><div class=\"fusion-layout-column fusion_builder_column_inner fusion-builder-nested-column-2 fusion_builder_column_inner_1_2 1_2 fusion-flex-column fusion-flex-align-self-stretch\" style=\"--awb-padding-top:10%;--awb-padding-right:10%;--awb-padding-bottom:10%;--awb-padding-left:10%;--awb-bg-size:cover;--awb-width-large:50%;--awb-margin-top-large:0px;--awb-spacing-right-large:0px;--awb-margin-bottom-large:0px;--awb-spacing-left-large:25px;--awb-width-medium:50%;--awb-order-medium:0;--awb-spacing-right-medium:0px;--awb-spacing-left-medium:25px;--awb-width-small:100%;--awb-order-small:1;--awb-spacing-right-small:25px;--awb-spacing-left-small:25px;\" data-scroll-devices=\"small-visibility,medium-visibility,large-visibility\"><div class=\"fusion-column-wrapper fusion-column-has-shadow fusion-flex-justify-content-space-between fusion-content-layout-column\"><div class=\"fusion-title title fusion-title-7 fusion-sep-none fusion-title-text fusion-title-size-three\" style=\"--awb-text-color:var(--awb-color8);--awb-margin-bottom:10px;--awb-margin-bottom-medium:10px;--awb-font-size:var(--awb-custom_typography_1-font-size);\"><h3 class=\"fusion-title-heading title-heading-left fusion-responsive-typography-calculated\" style=\"font-family:var(--awb-custom_typography_1-font-family);font-weight:var(--awb-custom_typography_1-font-weight);font-style:var(--awb-custom_typography_1-font-style);margin:0;letter-spacing:var(--awb-custom_typography_1-letter-spacing);text-transform:var(--awb-custom_typography_1-text-transform);font-size:1em;--fontSize:31;line-height:var(--awb-custom_typography_1-line-height);\">Dra. Maria Llu\u00efsa Civit<\/h3><\/div><div class=\"fusion-text fusion-text-6\" style=\"--awb-content-alignment:justify;--awb-font-size:var(--awb-typography4-font-size);--awb-line-height:var(--awb-typography4-line-height);--awb-letter-spacing:var(--awb-typography4-letter-spacing);--awb-text-transform:var(--awb-typography4-text-transform);--awb-text-color:var(--awb-color5);--awb-text-font-family:var(--awb-typography4-font-family);--awb-text-font-weight:var(--awb-typography4-font-weight);--awb-text-font-style:var(--awb-typography4-font-style);\"><p>Estudis d\u2019Odontologia en la Universitat de Barcelona, amb postgrau en Pr\u00f2tesi estomatol\u00f2gica i en Endod\u00f2ncia en la SCOE. Exerceix des de 1995 pr\u00e0ctica cl\u00ednica, aix\u00ed com activitat docent.<\/p>\n<p><strong>Vicepresidenta de la Junta de SCOE des del 2006.<\/strong><\/p>\n<\/div><div ><a class=\"fusion-button button-flat fusion-button-default-size button-default fusion-button-default button-2 fusion-button-default-span fusion-button-default-type\" style=\"--button_margin-top:20px;\" target=\"_self\" href=\"\/ca\/doctors\/maria-lluisa-civit\/\"><span class=\"fusion-button-text awb-button__text awb-button__text--default\">M\u00e9s informaci\u00f3 \u2192<\/span><\/a><\/div><\/div><\/div><div class=\"fusion-layout-column fusion_builder_column_inner fusion-builder-nested-column-3 fusion_builder_column_inner_1_2 1_2 fusion-flex-column fusion-flex-align-self-stretch\" style=\"--awb-bg-position:center center;--awb-bg-size:cover;--awb-width-large:50%;--awb-margin-top-large:0px;--awb-spacing-right-large:25px;--awb-margin-bottom-large:0px;--awb-spacing-left-large:0px;--awb-width-medium:50%;--awb-order-medium:0;--awb-spacing-right-medium:25px;--awb-spacing-left-medium:0px;--awb-width-small:100%;--awb-order-small:0;--awb-spacing-right-small:25px;--awb-spacing-left-small:25px;\"><div class=\"fusion-column-wrapper fusion-column-has-shadow fusion-flex-justify-content-flex-start fusion-content-layout-column\"><div class=\"fusion-image-before-after-wrapper type-switch hover-type-together fusion-image-before-after-wrapper-2\" style=\"--awb-font-size:14px;--awb-bordersize:0px;--awb-accent-color-bg:hsla(var(--awb-color1-h),var(--awb-color1-s),var(--awb-color1-l),calc(var(--awb-color1-a) - 85%));--awb-transition-time:0.5s;\"><div class=\"fusion-image-before-after-element fusion-image-switch fusion-image-before-after-2\"><a class=\"fusion-image-switch-link\" href=\"\/doctores\/maria-lluisa-civit\/\" target=\"_self\"><img decoding=\"async\" alt=\"Dra. Maria Llu\u00efsa Civit\" class=\"fusion-image-switch-before\" src=\"https:\/\/clinicavallcorba.com\/wp-content\/uploads\/Dra.-Maria-Lluisa-Civit_B-N-1.webp\" width=\"1250\" height=\"1666\"><img decoding=\"async\" alt=\"Dra. Maria Llu\u00efsa Civit\" class=\"fusion-image-switch-after\" src=\"https:\/\/clinicavallcorba.com\/wp-content\/uploads\/Dra.-Maria-Lluisa-Civit_Color.webp\" width=\"1250\" height=\"1666\"><\/a><\/div><\/div><\/div><\/div><\/div><\/div><\/div><div class=\"fusion-layout-column fusion_builder_column fusion-builder-column-10 fusion_builder_column_1_2 1_2 fusion-flex-column fusion-flex-align-self-stretch\" style=\"--awb-bg-color:var(--awb-color2);--awb-bg-color-hover:var(--awb-color2);--awb-bg-size:cover;--awb-width-large:50%;--awb-margin-top-large:20px;--awb-spacing-right-large:25px;--awb-margin-bottom-large:0px;--awb-spacing-left-large:25px;--awb-width-medium:50%;--awb-order-medium:0;--awb-spacing-right-medium:25px;--awb-spacing-left-medium:25px;--awb-width-small:100%;--awb-order-small:0;--awb-spacing-right-small:25px;--awb-margin-bottom-small:40px;--awb-spacing-left-small:25px;\" data-scroll-devices=\"small-visibility,medium-visibility,large-visibility\"><div class=\"fusion-column-wrapper fusion-column-has-shadow fusion-flex-justify-content-flex-start fusion-content-layout-column\"><div class=\"fusion-builder-row fusion-builder-row-inner fusion-row fusion-flex-align-items-flex-start fusion-flex-justify-content-center fusion-flex-content-wrap\" style=\"width:calc( 100% + 50px ) !important;max-width:calc( 100% + 50px ) !important;margin-left: calc(-50px \/ 2 );margin-right: calc(-50px \/ 2 );\"><div class=\"fusion-layout-column fusion_builder_column_inner fusion-builder-nested-column-4 fusion_builder_column_inner_1_2 1_2 fusion-flex-column fusion-flex-align-self-stretch\" style=\"--awb-padding-top:10%;--awb-padding-right:10%;--awb-padding-bottom:10%;--awb-padding-left:10%;--awb-bg-size:cover;--awb-width-large:50%;--awb-margin-top-large:0px;--awb-spacing-right-large:0px;--awb-margin-bottom-large:0px;--awb-spacing-left-large:25px;--awb-width-medium:50%;--awb-order-medium:0;--awb-spacing-right-medium:0px;--awb-spacing-left-medium:25px;--awb-width-small:100%;--awb-order-small:1;--awb-spacing-right-small:25px;--awb-spacing-left-small:25px;\" data-scroll-devices=\"small-visibility,medium-visibility,large-visibility\"><div class=\"fusion-column-wrapper fusion-column-has-shadow fusion-flex-justify-content-space-around fusion-content-layout-column\"><div class=\"fusion-title title fusion-title-8 fusion-sep-none fusion-title-text fusion-title-size-three\" style=\"--awb-text-color:var(--awb-color8);--awb-margin-bottom:10px;--awb-margin-bottom-medium:10px;--awb-font-size:var(--awb-custom_typography_1-font-size);\"><h3 class=\"fusion-title-heading title-heading-left fusion-responsive-typography-calculated\" style=\"font-family:var(--awb-custom_typography_1-font-family);font-weight:var(--awb-custom_typography_1-font-weight);font-style:var(--awb-custom_typography_1-font-style);margin:0;letter-spacing:var(--awb-custom_typography_1-letter-spacing);text-transform:var(--awb-custom_typography_1-text-transform);font-size:1em;--fontSize:31;line-height:var(--awb-custom_typography_1-line-height);\">Dra. Sara Madeira<\/h3><\/div><div class=\"fusion-text fusion-text-7\" style=\"--awb-content-alignment:justify;--awb-font-size:var(--awb-typography4-font-size);--awb-line-height:var(--awb-typography4-line-height);--awb-letter-spacing:var(--awb-typography4-letter-spacing);--awb-text-transform:var(--awb-typography4-text-transform);--awb-text-color:var(--awb-color5);--awb-text-font-family:var(--awb-typography4-font-family);--awb-text-font-weight:var(--awb-typography4-font-weight);--awb-text-font-style:var(--awb-typography4-font-style);\"><p>Estudis d\u2019Odontologia en l\u2019Institut Superior de Ci\u00eancias da Sa\u00fade Egas Moniz (Portugal), amb postgrau en endod\u00f2ncia i M\u00e0ster en Odontologia Restauradora i Est\u00e8tica en la UIC.<\/p>\n<p>\u00c9s professora associada del departament d\u2019Odontologia Restauradora de la UIC i \u00e9s coautora de diversos articles cient\u00edfics. \u00c9s socia afiliada de SEPES.<\/p>\n<\/div><div ><a class=\"fusion-button button-flat fusion-button-default-size button-default fusion-button-default button-3 fusion-button-default-span fusion-button-default-type\" style=\"--button_margin-top:20px;\" target=\"_self\" href=\"\/ca\/doctors\/sara-neves\/\"><span class=\"fusion-button-text awb-button__text awb-button__text--default\">M\u00e9s informaci\u00f3 \u2192<\/span><\/a><\/div><\/div><\/div><div class=\"fusion-layout-column fusion_builder_column_inner fusion-builder-nested-column-5 fusion_builder_column_inner_1_2 1_2 fusion-flex-column fusion-flex-align-self-stretch\" style=\"--awb-bg-position:center center;--awb-bg-size:cover;--awb-width-large:50%;--awb-margin-top-large:0px;--awb-spacing-right-large:25px;--awb-margin-bottom-large:0px;--awb-spacing-left-large:0px;--awb-width-medium:50%;--awb-order-medium:0;--awb-spacing-right-medium:25px;--awb-spacing-left-medium:0px;--awb-width-small:100%;--awb-order-small:0;--awb-spacing-right-small:25px;--awb-spacing-left-small:25px;\" data-scroll-devices=\"small-visibility,medium-visibility,large-visibility\"><div class=\"fusion-column-wrapper fusion-column-has-shadow fusion-flex-justify-content-flex-start fusion-content-layout-column\"><div class=\"fusion-image-before-after-wrapper type-switch hover-type-together fusion-image-before-after-wrapper-3\" style=\"--awb-font-size:14px;--awb-bordersize:0px;--awb-accent-color-bg:hsla(var(--awb-color1-h),var(--awb-color1-s),var(--awb-color1-l),calc(var(--awb-color1-a) - 85%));--awb-transition-time:0.5s;\"><div class=\"fusion-image-before-after-element fusion-image-switch fusion-image-before-after-3\"><a class=\"fusion-image-switch-link\" href=\"\/doctores\/sara-neves\/ \" target=\"_self\"><img decoding=\"async\" alt=\"Dra. Sara Neves Madeira\" class=\"fusion-image-switch-before\" src=\"https:\/\/clinicavallcorba.com\/wp-content\/uploads\/Dra.-Sara-Neves-Madeira_B-N-1.webp\" width=\"1250\" height=\"1666\"><img decoding=\"async\" alt=\"Dra. Sara Neves Madeira\" class=\"fusion-image-switch-after\" src=\"https:\/\/clinicavallcorba.com\/wp-content\/uploads\/Dra.-Sara-Neves-Madeira_Color.webp\" width=\"1250\" height=\"1666\"><\/a><\/div><\/div><\/div><\/div><\/div><div class=\"fusion-menu-anchor\" id=\"tratamientoendodontico\"><\/div><\/div><\/div><div class=\"fusion-layout-column fusion_builder_column fusion-builder-column-11 fusion_builder_column_1_2 1_2 fusion-flex-column\" style=\"--awb-bg-size:cover;--awb-width-large:50%;--awb-margin-top-large:0px;--awb-spacing-right-large:25px;--awb-margin-bottom-large:20px;--awb-spacing-left-large:25px;--awb-width-medium:50%;--awb-order-medium:0;--awb-spacing-right-medium:25px;--awb-spacing-left-medium:25px;--awb-width-small:100%;--awb-order-small:0;--awb-spacing-right-small:25px;--awb-spacing-left-small:25px;\"><div class=\"fusion-column-wrapper fusion-column-has-shadow fusion-flex-justify-content-flex-start fusion-content-layout-column\"><\/div><\/div><\/div><\/div><\/p>\n","protected":false},"excerpt":{"rendered":"","protected":false},"author":1,"featured_media":0,"parent":4886,"menu_order":0,"comment_status":"closed","ping_status":"closed","template":"100-width.php","meta":{"footnotes":""},"class_list":["post-6544","page","type-page","status-publish","hentry"],"yoast_head":"<!-- This site is optimized with the Yoast SEO plugin v26.7 - https:\/\/yoast.com\/wordpress\/plugins\/seo\/ -->\n<title>Odontologia preventiva i dones embarassades a la Cl\u00ednica Vallcorba<\/title>\n<meta name=\"description\" content=\"Els nostres professionals tamb\u00e9 s\u2019enfoquen a prevenir, educant al pacient sobre les pr\u00e0ctiques d\u2019higiene oral adequades per a reduir la possibilitat de problemes dentals en el futur.\" \/>\n<meta name=\"robots\" content=\"index, follow, max-snippet:-1, max-image-preview:large, max-video-preview:-1\" \/>\n<link rel=\"canonical\" href=\"https:\/\/clinicavallcorba.com\/ca\/dentistes-barcelona\/odontologia-preventiva\/\" \/>\n<meta property=\"og:locale\" content=\"ca_ES\" \/>\n<meta property=\"og:type\" content=\"article\" \/>\n<meta property=\"og:title\" content=\"Odontologia preventiva i dones embarassades a la Cl\u00ednica Vallcorba\" \/>\n<meta property=\"og:description\" content=\"Els nostres professionals tamb\u00e9 s\u2019enfoquen a prevenir, educant al pacient sobre les pr\u00e0ctiques d\u2019higiene oral adequades per a reduir la possibilitat de problemes dentals en el futur.\" \/>\n<meta property=\"og:url\" content=\"https:\/\/clinicavallcorba.com\/ca\/dentistes-barcelona\/odontologia-preventiva\/\" \/>\n<meta property=\"og:site_name\" content=\"Cl\u00ednica Vallcorba\" \/>\n<meta property=\"article:modified_time\" content=\"2025-03-05T10:38:33+00:00\" \/>\n<meta name=\"twitter:card\" content=\"summary_large_image\" \/>\n<meta name=\"twitter:label1\" content=\"Temps estimat de lectura\" \/>\n\t<meta name=\"twitter:data1\" content=\"6 minuts\" \/>\n<script type=\"application\/ld+json\" class=\"yoast-schema-graph\">{\"@context\":\"https:\/\/schema.org\",\"@graph\":[{\"@type\":\"WebPage\",\"@id\":\"https:\/\/clinicavallcorba.com\/ca\/dentistes-barcelona\/odontologia-preventiva\/\",\"url\":\"https:\/\/clinicavallcorba.com\/ca\/dentistes-barcelona\/odontologia-preventiva\/\",\"name\":\"Odontologia preventiva i dones embarassades a la Cl\u00ednica Vallcorba\",\"isPartOf\":{\"@id\":\"https:\/\/clinicavallcorba.com\/ca\/#website\"},\"datePublished\":\"2025-03-04T16:54:10+00:00\",\"dateModified\":\"2025-03-05T10:38:33+00:00\",\"description\":\"Els nostres professionals tamb\u00e9 s\u2019enfoquen a prevenir, educant al pacient sobre les pr\u00e0ctiques d\u2019higiene oral adequades per a reduir la possibilitat de problemes dentals en el futur.\",\"breadcrumb\":{\"@id\":\"https:\/\/clinicavallcorba.com\/ca\/dentistes-barcelona\/odontologia-preventiva\/#breadcrumb\"},\"inLanguage\":\"ca\",\"potentialAction\":[{\"@type\":\"ReadAction\",\"target\":[\"https:\/\/clinicavallcorba.com\/ca\/dentistes-barcelona\/odontologia-preventiva\/\"]}]},{\"@type\":\"BreadcrumbList\",\"@id\":\"https:\/\/clinicavallcorba.com\/ca\/dentistes-barcelona\/odontologia-preventiva\/#breadcrumb\",\"itemListElement\":[{\"@type\":\"ListItem\",\"position\":1,\"name\":\"Inici\",\"item\":\"https:\/\/clinicavallcorba.com\/ca\/\"},{\"@type\":\"ListItem\",\"position\":2,\"name\":\"Odontologia integrada\",\"item\":\"https:\/\/clinicavallcorba.com\/ca\/dentistes-barcelona\/\"},{\"@type\":\"ListItem\",\"position\":3,\"name\":\"Odontologia preventiva\"}]},{\"@type\":\"WebSite\",\"@id\":\"https:\/\/clinicavallcorba.com\/ca\/#website\",\"url\":\"https:\/\/clinicavallcorba.com\/ca\/\",\"name\":\"Cl\u00ednica Vallcorba\",\"description\":\"Cl\u00ednica dental\",\"potentialAction\":[{\"@type\":\"SearchAction\",\"target\":{\"@type\":\"EntryPoint\",\"urlTemplate\":\"https:\/\/clinicavallcorba.com\/ca\/?s={search_term_string}\"},\"query-input\":{\"@type\":\"PropertyValueSpecification\",\"valueRequired\":true,\"valueName\":\"search_term_string\"}}],\"inLanguage\":\"ca\"}]}<\/script>\n<!-- \/ Yoast SEO plugin. -->","yoast_head_json":{"title":"Odontologia preventiva i dones embarassades a la Cl\u00ednica Vallcorba","description":"Els nostres professionals tamb\u00e9 s\u2019enfoquen a prevenir, educant al pacient sobre les pr\u00e0ctiques d\u2019higiene oral adequades per a reduir la possibilitat de problemes dentals en el futur.","robots":{"index":"index","follow":"follow","max-snippet":"max-snippet:-1","max-image-preview":"max-image-preview:large","max-video-preview":"max-video-preview:-1"},"canonical":"https:\/\/clinicavallcorba.com\/ca\/dentistes-barcelona\/odontologia-preventiva\/","og_locale":"ca_ES","og_type":"article","og_title":"Odontologia preventiva i dones embarassades a la Cl\u00ednica Vallcorba","og_description":"Els nostres professionals tamb\u00e9 s\u2019enfoquen a prevenir, educant al pacient sobre les pr\u00e0ctiques d\u2019higiene oral adequades per a reduir la possibilitat de problemes dentals en el futur.","og_url":"https:\/\/clinicavallcorba.com\/ca\/dentistes-barcelona\/odontologia-preventiva\/","og_site_name":"Cl\u00ednica Vallcorba","article_modified_time":"2025-03-05T10:38:33+00:00","twitter_card":"summary_large_image","twitter_misc":{"Temps estimat de lectura":"6 minuts"},"schema":{"@context":"https:\/\/schema.org","@graph":[{"@type":"WebPage","@id":"https:\/\/clinicavallcorba.com\/ca\/dentistes-barcelona\/odontologia-preventiva\/","url":"https:\/\/clinicavallcorba.com\/ca\/dentistes-barcelona\/odontologia-preventiva\/","name":"Odontologia preventiva i dones embarassades a la Cl\u00ednica Vallcorba","isPartOf":{"@id":"https:\/\/clinicavallcorba.com\/ca\/#website"},"datePublished":"2025-03-04T16:54:10+00:00","dateModified":"2025-03-05T10:38:33+00:00","description":"Els nostres professionals tamb\u00e9 s\u2019enfoquen a prevenir, educant al pacient sobre les pr\u00e0ctiques d\u2019higiene oral adequades per a reduir la possibilitat de problemes dentals en el futur.","breadcrumb":{"@id":"https:\/\/clinicavallcorba.com\/ca\/dentistes-barcelona\/odontologia-preventiva\/#breadcrumb"},"inLanguage":"ca","potentialAction":[{"@type":"ReadAction","target":["https:\/\/clinicavallcorba.com\/ca\/dentistes-barcelona\/odontologia-preventiva\/"]}]},{"@type":"BreadcrumbList","@id":"https:\/\/clinicavallcorba.com\/ca\/dentistes-barcelona\/odontologia-preventiva\/#breadcrumb","itemListElement":[{"@type":"ListItem","position":1,"name":"Inici","item":"https:\/\/clinicavallcorba.com\/ca\/"},{"@type":"ListItem","position":2,"name":"Odontologia integrada","item":"https:\/\/clinicavallcorba.com\/ca\/dentistes-barcelona\/"},{"@type":"ListItem","position":3,"name":"Odontologia preventiva"}]},{"@type":"WebSite","@id":"https:\/\/clinicavallcorba.com\/ca\/#website","url":"https:\/\/clinicavallcorba.com\/ca\/","name":"Cl\u00ednica Vallcorba","description":"Cl\u00ednica dental","potentialAction":[{"@type":"SearchAction","target":{"@type":"EntryPoint","urlTemplate":"https:\/\/clinicavallcorba.com\/ca\/?s={search_term_string}"},"query-input":{"@type":"PropertyValueSpecification","valueRequired":true,"valueName":"search_term_string"}}],"inLanguage":"ca"}]}},"_links":{"self":[{"href":"https:\/\/clinicavallcorba.com\/ca\/wp-json\/wp\/v2\/pages\/6544","targetHints":{"allow":["GET"]}}],"collection":[{"href":"https:\/\/clinicavallcorba.com\/ca\/wp-json\/wp\/v2\/pages"}],"about":[{"href":"https:\/\/clinicavallcorba.com\/ca\/wp-json\/wp\/v2\/types\/page"}],"author":[{"embeddable":true,"href":"https:\/\/clinicavallcorba.com\/ca\/wp-json\/wp\/v2\/users\/1"}],"replies":[{"embeddable":true,"href":"https:\/\/clinicavallcorba.com\/ca\/wp-json\/wp\/v2\/comments?post=6544"}],"version-history":[{"count":4,"href":"https:\/\/clinicavallcorba.com\/ca\/wp-json\/wp\/v2\/pages\/6544\/revisions"}],"predecessor-version":[{"id":6640,"href":"https:\/\/clinicavallcorba.com\/ca\/wp-json\/wp\/v2\/pages\/6544\/revisions\/6640"}],"up":[{"embeddable":true,"href":"https:\/\/clinicavallcorba.com\/ca\/wp-json\/wp\/v2\/pages\/4886"}],"wp:attachment":[{"href":"https:\/\/clinicavallcorba.com\/ca\/wp-json\/wp\/v2\/media?parent=6544"}],"curies":[{"name":"wp","href":"https:\/\/api.w.org\/{rel}","templated":true}]}}